{"id":4321,"date":"2017-06-25T12:16:16","date_gmt":"2017-06-25T10:16:16","guid":{"rendered":"http:\/\/themes.89elements.com\/definity-data\/?page_id=4321"},"modified":"2025-10-15T08:15:17","modified_gmt":"2025-10-15T08:15:17","slug":"main-demo-mp","status":"publish","type":"page","link":"https:\/\/trema-europe.de\/","title":{"rendered":"Tactical Rescue &#038; Emergency Medicine Association &#8211; EUROPE"},"content":{"rendered":"<div class=\"wpb-content-wrapper\"><p>[vc_row][vc_column]\n\t\t\t<!-- START TREMA Europe REVOLUTION SLIDER 6.6.4 --><p class=\"rs-p-wp-fix\"><\/p>\n\t\t\t<rs-module-wrap id=\"rev_slider_1_1_wrapper\" data-source=\"gallery\" style=\"visibility:hidden;background:#FFFFFF;padding:0;\">\n\t\t\t\t<rs-module id=\"rev_slider_1_1\" style=\"\" data-version=\"6.6.4\">\n\t\t\t\t\t<rs-slides style=\"overflow: hidden; position: absolute;\">\n\t\t\t\t\t\t<rs-slide style=\"position: absolute;\" data-key=\"rs-1\" data-title=\"Slide\" data-duration=\"9020\" data-in=\"o:0;\" data-out=\"a:false;\">\n\t\t\t\t\t\t\t<img decoding=\"async\" src=\"\/\/trema-europe.de\/wp-content\/plugins\/revslider\/public\/assets\/assets\/dummy.png\" alt=\"\" title=\"DSC06735_1980\" width=\"991\" height=\"661\" class=\"rev-slidebg tp-rs-img rs-lazyload\" data-lazyload=\"\/\/trema-europe.de\/wp-content\/uploads\/2022\/11\/DSC06735_1980.jpg\" data-parallax=\"8\" data-no-retina>\n<!--\n\t\t\t\t\t\t\t--><rs-layer\n\t\t\t\t\t\t\t\tid=\"slider-1-slide-1-layer-0\" \n\t\t\t\t\t\t\t\tdata-type=\"image\"\n\t\t\t\t\t\t\t\tdata-rsp_ch=\"on\"\n\t\t\t\t\t\t\t\tdata-xy=\"xo:-58,-8px,21px,60px;yo:-111,-52px,272px,-197px;\"\n\t\t\t\t\t\t\t\tdata-text=\"w:normal;s:20,16,12,7;l:0,20,15,9;\"\n\t\t\t\t\t\t\t\tdata-dim=\"w:1200px,990px,752px,463px;h:686px,566px,430px,265px;\"\n\t\t\t\t\t\t\t\tdata-frame_0=\"x:-36px,-29px,-22px,-13px;y:34px,28px,21px,12px;\"\n\t\t\t\t\t\t\t\tdata-frame_1=\"x:42px,34px,25px,15px;y:519px,428px,325px,200px;sp:1010;\"\n\t\t\t\t\t\t\t\tdata-frame_999=\"o:0;st:w;sR:8010;\"\n\t\t\t\t\t\t\t\tstyle=\"z-index:7;\"\n\t\t\t\t\t\t\t><img decoding=\"async\" src=\"\/\/trema-europe.de\/wp-content\/plugins\/revslider\/public\/assets\/assets\/dummy.png\" alt=\"\" class=\"tp-rs-img rs-lazyload\" width=\"2917\" height=\"1667\" data-lazyload=\"\/\/trema-europe.de\/wp-content\/uploads\/2022\/11\/trema_schriftzug_badPlaces-02.png\" data-no-retina> \n\t\t\t\t\t\t\t<\/rs-layer><!--\n\n\t\t\t\t\t\t\t--><span\n\t\t\t\t\t\t\t\tid=\"slider-1-slide-1-layer-11\" \n\t\t\t\t\t\t\t\tclass=\"rs-layer\"\n\t\t\t\t\t\t\t\tdata-type=\"text\"\n\t\t\t\t\t\t\t\tdata-color=\"rgba(153, 153, 153, 1)\"\n\t\t\t\t\t\t\t\tdata-xy=\"x:c;y:b;yo:30px,30px,88px,0;\"\n\t\t\t\t\t\t\t\tdata-text=\"s:40;l:22;\"\n\t\t\t\t\t\t\t\tdata-vbility=\"t,t,f,f\"\n\t\t\t\t\t\t\t\tdata-actions='o:click;a:scrollbelow;offset:80%;sp:300;e:none;'\n\t\t\t\t\t\t\t\tdata-rsp_o=\"off\"\n\t\t\t\t\t\t\t\tdata-rsp_bd=\"off\"\n\t\t\t\t\t\t\t\tdata-frame_1=\"e:power2.inOut;st:2000;sR:2000;\"\n\t\t\t\t\t\t\t\tdata-frame_999=\"o:0;e:nothing;st:w;sR:6720;\"\n\t\t\t\t\t\t\t\tdata-frame_hover=\"c:#111;bor:0px,0px,0px,0px;oX:50;oY:50;sp:350;e:none;\"\n\t\t\t\t\t\t\t\tstyle=\"z-index:8;font-family:'Roboto';cursor:pointer;\"\n\t\t\t\t\t\t\t><span class=\"linea-basic-magic-mouse\"><\/span> \n\t\t\t\t\t\t\t<\/span><!--\n-->\t\t\t\t\t\t<\/rs-slide>\n\t\t\t\t\t<\/rs-slides>\n\t\t\t\t<\/rs-module>\n\t\t\t\t<script>\n\t\t\t\t\tsetREVStartSize({c: 'rev_slider_1_1',rl:[1240,1024,778,480],el:[868,768,960,720],gw:[1240,1024,778,480],gh:[868,768,960,720],type:'hero',justify:'',layout:'fullscreen',offsetContainer:'',offset:'',mh:\"0\"});if (window.RS_MODULES!==undefined && window.RS_MODULES.modules!==undefined && window.RS_MODULES.modules[\"revslider11\"]!==undefined) {window.RS_MODULES.modules[\"revslider11\"].once = false;window.revapi1 = undefined;if (window.RS_MODULES.checkMinimal!==undefined) window.RS_MODULES.checkMinimal()}\n\t\t\t\t<\/script>\n\t\t\t<\/rs-module-wrap>\n\t\t\t<!-- END REVOLUTION SLIDER -->\n[\/vc_column][\/vc_row][vc_row][vc_column width=&#8220;1\/2&#8243;][vc_empty_space height=&#8220;50px&#8220;][vc_empty_space height=&#8220;160px&#8220;][vc_single_image image=&#8220;18631&#8243; img_size=&#8220;large&#8220; alignment=&#8220;center&#8220;][vc_empty_space height=&#8220;50px&#8220;][vc_separator border_width=&#8220;2&#8243;][vc_empty_space height=&#8220;50px&#8220;][vc_single_image image=&#8220;17335&#8243; img_size=&#8220;medium&#8220; alignment=&#8220;center&#8220;][\/vc_column][vc_column width=&#8220;1\/2&#8243;][vc_empty_space height=&#8220;160px&#8220;][vc_column_text]<\/p>\n<h3><strong>TREMA in tiefer Trauer<\/strong><\/h3>\n<p>&nbsp;<\/p>\n<p><i>Die Nachricht vom Tod unseres Mitgliedes Clemens Rumpelt hat uns tief getroffen.<br \/>\nClemens ist am 26. April im Alter von 44 Jahren verstorben. Er hinterl\u00e4sst eine Frau und zwei kleine Kinder.<\/i><\/p>\n<p><i>Er war viele Jahre Medizinaldirektor im \u00e4rztlichen Dienst der Polizei Sachsen und hat sich mit ganzem Herzen f\u00fcr die Thematik der taktischen Medizin eingesetzt.<br \/>\nAls Facharzt f\u00fcr Innere Medizin und aktiver Notfallmediziner konnte er wertvolles Wissen und Erfahrungen beisteuern und wollte dabei stets im Hintergrund bleiben. Insbesondere in der Ausbildung engagierte er sich mit Begeisterung und es war eine Freude und Ehre ihn im Team zu haben.<br \/>\n<\/i><\/p>\n<p><i>Ein herzensguter Mensch und guter Kamerad hat uns viel zu fr\u00fch verlassen und l\u00e4sst uns sprachlos und traurig zur\u00fcck. Unser tiefes Mitgef\u00fchl gilt seiner Familie und allen Angeh\u00f6rigen.<\/i><\/p>\n<p><i>Clemens war kein Freund gro\u00dfer Worte und ein kurzer Text h\u00e4tte ihm besser gefallen, aber er war durchaus f\u00fcr pragmatisches Vorgehen und praktische Hilfe. In diesem Sinne ist das Wenige, aber wohl Beste, was wir noch tun k\u00f6nnen, die finanzielle Unterst\u00fctzung seiner Familie. Auch kleine Betr\u00e4ge k\u00f6nnen sich summieren. Wir starten diesen Spendenaufruf als Verein mit \u20ac 500 und hoffen, dass Ihr Euch zahlreich beteiligt. Daf\u00fcr schon einmal vielen Dank!<\/i><\/p>\n<blockquote><p><strong><i>Bitte bei der \u00dcberweisung \u201eClemens\u201c als Verwendungszweck angeben.<br \/>\nTREMA e.V. \u00a0 DE41 <span dir=\"ltr\">6305 0000 00<\/span><span dir=\"ltr\">21 3567<\/span> 88 \u00a0 \u00a0SOLADES1ULM\u00a0\u00a0\u00a0 Sparkasse Ulm<\/i><\/strong><\/p><\/blockquote>\n<p>[\/vc_column_text][\/vc_column][\/vc_row][vc_row][vc_column][vc_empty_space height=&#8220;160px&#8220;]\r\n        <header class=\"sec-heading \"  style=\"margin-bottom: 50px\";>\r\n          <h2 style=\" color: #6b81a8\";>TREMA EUROPE<\/h2>\r\n          <span class=\"subheading\" >Tactical Rescue &amp; Emergency Medicine Association<\/span>\r\n        <\/header>[vc_row_inner][vc_column_inner width=&#8220;1\/6&#8243;][\/vc_column_inner][vc_column_inner width=&#8220;2\/3&#8243;][vc_column_text]<\/p>\n<p style=\"text-align: center;\">In der taktischen Notfallmedizin muss immer wieder die Gesamtlage bewertet werden. Dabei sind nicht nur eine m\u00f6gliche Bedrohungslage, sondern auch die Erfordernisse des Einsatzes, bei dem der Notfall eingetreten ist, zu ber\u00fccksichtigen. Damit ist unter Umst\u00e4nden auch eine Zur\u00fcckstellung der medizinischen Versor\u00adgung zur Fortsetzung des Auftrages m\u00f6glich, ggf. sogar unter Inkaufnahme einer eingeschr\u00e4nkten individualmedizinischen Versorgung. Ziel ist die Erreichung des bestm\u00f6glichen Ergebnisses f\u00fcr den Patienten und f\u00fcr den Auftrag, da bei diesem potentiell Leben und Gesundheit weiterer Personen gef\u00e4hrdet sind.<\/p>\n<p>[\/vc_column_text][\/vc_column_inner][vc_column_inner width=&#8220;1\/6&#8243;][\/vc_column_inner][\/vc_row_inner][vc_empty_space height=&#8220;100px&#8220;]\r\n        <div class=\"wow fadeIn\"  data-wow-duration=\"2.5s\" data-wow-delay=\"0s\">[vc_single_image image=&#8220;17187&#8243; img_size=&#8220;full&#8220; alignment=&#8220;center&#8220;][vc_empty_space height=&#8220;160px&#8220;]<\/div>[\/vc_column][\/vc_row][vc_row row_type=&#8220;full-width&#8220; content_placement=&#8220;middle&#8220; parallax=&#8220;content-moving&#8220;][vc_column]<div id=\"pfolio-cpt\" class=\"portfolio-columns-fw \">\r\n                            <div class=\"pfolio-cpt-item portfolio-item col-md-4 post-4630 portfolio type-portfolio status-publish has-post-thumbnail hentry\">\r\n                                <div class=\"p-wrapper hover-default\">\r\n                                    <img loading=\"lazy\" decoding=\"async\" width=\"991\" height=\"661\" src=\"https:\/\/trema-europe.de\/wp-content\/uploads\/2022\/10\/polizei_01.jpg\" class=\"attachment-post-thumbnail size-post-thumbnail wp-post-image\" alt=\"\" srcset=\"https:\/\/trema-europe.de\/wp-content\/uploads\/2022\/10\/polizei_01.jpg 991w, https:\/\/trema-europe.de\/wp-content\/uploads\/2022\/10\/polizei_01-300x200.jpg 300w, https:\/\/trema-europe.de\/wp-content\/uploads\/2022\/10\/polizei_01-768x512.jpg 768w\" sizes=\"auto, (max-width: 991px) 100vw, 991px\" \/>\r\n                                    <div class=\"p-hover\">\r\n                                        <div class=\"p-content\">\r\n                                            <h4>BEH\u00d6RDLICHE KR\u00c4FTE<\/h4>\r\n                                            <h6 class=\"subheading\">LAW ENFORCEMENT<\/h6>\r\n                                        <\/div>\r\n                                    <\/div>\r\n                                    \r\n                        <a class=\"open-btn open-gallery\" href=\"https:\/\/trema-europe.de\/wp-content\/uploads\/2022\/10\/polizei_01.jpg\">\r\n                            <i class=\"fa fa-expand\"><\/i>\r\n                        <\/a>\r\n                                <\/div>\r\n                            <\/div>\r\n                            <div class=\"pfolio-cpt-item portfolio-item col-md-4 post-4622 portfolio type-portfolio status-publish has-post-thumbnail hentry\">\r\n                                <div class=\"p-wrapper hover-default\">\r\n                                    <img loading=\"lazy\" decoding=\"async\" width=\"991\" height=\"661\" src=\"https:\/\/trema-europe.de\/wp-content\/uploads\/2022\/11\/DSC06735_991.jpeg\" class=\"attachment-post-thumbnail size-post-thumbnail wp-post-image\" alt=\"\" srcset=\"https:\/\/trema-europe.de\/wp-content\/uploads\/2022\/11\/DSC06735_991.jpeg 991w, https:\/\/trema-europe.de\/wp-content\/uploads\/2022\/11\/DSC06735_991-300x200.jpeg 300w, https:\/\/trema-europe.de\/wp-content\/uploads\/2022\/11\/DSC06735_991-768x512.jpeg 768w\" sizes=\"auto, (max-width: 991px) 100vw, 991px\" \/>\r\n                                    <div class=\"p-hover\">\r\n                                        <div class=\"p-content\">\r\n                                            <h4>ZIVILE HILFSORGANISATIONEN<\/h4>\r\n                                            <h6 class=\"subheading\">CIVILIEN EMS<\/h6>\r\n                                        <\/div>\r\n                                    <\/div>\r\n                                    \r\n                        <a class=\"open-btn open-gallery\" href=\"https:\/\/trema-europe.de\/wp-content\/uploads\/2022\/11\/DSC06735_991.jpeg\">\r\n                            <i class=\"fa fa-expand\"><\/i>\r\n                        <\/a>\r\n                                <\/div>\r\n                            <\/div>\r\n                            <div class=\"pfolio-cpt-item portfolio-item col-md-4 post-4619 portfolio type-portfolio status-publish has-post-thumbnail hentry\">\r\n                                <div class=\"p-wrapper hover-default\">\r\n                                    <img loading=\"lazy\" decoding=\"async\" width=\"991\" height=\"661\" src=\"https:\/\/trema-europe.de\/wp-content\/uploads\/2022\/10\/bundeswehr_01.jpg\" class=\"attachment-post-thumbnail size-post-thumbnail wp-post-image\" alt=\"\" srcset=\"https:\/\/trema-europe.de\/wp-content\/uploads\/2022\/10\/bundeswehr_01.jpg 991w, https:\/\/trema-europe.de\/wp-content\/uploads\/2022\/10\/bundeswehr_01-300x200.jpg 300w, https:\/\/trema-europe.de\/wp-content\/uploads\/2022\/10\/bundeswehr_01-768x512.jpg 768w\" sizes=\"auto, (max-width: 991px) 100vw, 991px\" \/>\r\n                                    <div class=\"p-hover\">\r\n                                        <div class=\"p-content\">\r\n                                            <h4>MILIT\u00c4RISCHE KR\u00c4FTE<\/h4>\r\n                                            <h6 class=\"subheading\">MILITARY COMMUNITY<\/h6>\r\n                                        <\/div>\r\n                                    <\/div>\r\n                                    \r\n                        <a class=\"open-btn open-gallery\" href=\"https:\/\/trema-europe.de\/wp-content\/uploads\/2022\/10\/bundeswehr_01.jpg\">\r\n                            <i class=\"fa fa-expand\"><\/i>\r\n                        <\/a>\r\n                                <\/div>\r\n                            <\/div><\/div>[vc_empty_space height=&#8220;160px&#8220;][\/vc_column][\/vc_row][vc_row][vc_column]\r\n        <header class=\"sec-heading \" >\r\n          <h2 style=\" color: #6b81a8\";>UNSERE SCHWERPUNKTE<\/h2>\r\n          <span class=\"subheading\" >REFERATE DER TREMA<\/span>\r\n        <\/header>[\/vc_column][\/vc_row][vc_row background=&#8220;#f8f8f8&#8243;][vc_column width=&#8220;1\/3&#8243;]\r\n        <div class=\"wow fadeInUpSmall\"  data-wow-duration=\"2s\" data-wow-delay=\"0s\">\r\n        <div class=\"ft-cards \">\r\n            <div class=\"ft-item\">\r\n                <span class=\"ft-card-icon et-browser\"  style=\"color: #6b81a8\";><\/span>\r\n                <h4  style=\" color: #6b81a8;\">FACHEMPFEHLUNGEN &amp; RICHTLINIEN<\/h4><p>Die TREMA erarbeitet als Fachgesellschaft mit einem Expertengremium Empfehlungen und Richtlinien. Diese sind einerseits wissenschaftlich fundiert und entsprechen dem aktuellen Stand der medizinischen Erkenntnisse und stellen andererseits praxisorientierte, graphisch ansprechende Handlungsanleitungen f\u00fcr die Anwender dar. Ziel ist es eine bestm\u00f6gliche Handlungs- und Rechtssicherheit zu bieten.<\/p>\n\r\n            <\/div>\r\n        <\/div><\/div>[\/vc_column][vc_column width=&#8220;1\/3&#8243;]\r\n        <div class=\"wow fadeInUpSmall\"  data-wow-duration=\"2s\" data-wow-delay=\"0.5s\">\r\n        <div class=\"ft-cards \">\r\n            <div class=\"ft-item\">\r\n                <span class=\"ft-card-icon et-streetsign\"  style=\"color: #6b81a8\";><\/span>\r\n                <h4  style=\" color: #6b81a8;\">AUSBILDUNG<\/h4><div>\n<p>TREMA eV unterst\u00fctzt bei der Planung, Weiterentwicklung und ggf. auch Durchf\u00fchrung von Ausbildungen im Bereich TCCC\/ TVV\/ TEMS.<br \/>\nEs wird zeitnah durch einen Verantwortlichen aus dem Trema Referat Ausbildung geantwortet.<\/p>\n<\/div>\n\r\n            <\/div>\r\n        <\/div><\/div>[\/vc_column][vc_column width=&#8220;1\/3&#8243;]\r\n        <div class=\"wow fadeInUpSmall\"  data-wow-duration=\"2s\" data-wow-delay=\"1s\">\r\n        <div class=\"ft-cards \">\r\n            <div class=\"ft-item\">\r\n                <span class=\"ft-card-icon et-recycle\"  style=\"color: #6b81a8\";><\/span>\r\n                <h4  style=\" color: #6b81a8;\">WEITERENTWICKLUNG<\/h4><p>Das Referat materielle Weiterentwicklung widmet sich dem Test und der Weiterentwicklung von Materialen f\u00fcr unsere Bed\u00fcrfnisse. Das k\u00f6nnen medizinische Produkte oder auch Rettungsger\u00e4te sein. Auch die Entwicklung neuer Prototypen aus Ideen der Praxis, wie z.B. die TREMA Rettungsschlinge geh\u00f6ren dazu<\/p>\n\r\n            <\/div>\r\n        <\/div><\/div>[\/vc_column][\/vc_row][vc_row background=&#8220;#f8f8f8&#8243;][vc_column width=&#8220;1\/3&#8243;]\r\n        <div class=\"wow fadeInUpSmall\"  data-wow-duration=\"2s\" data-wow-delay=\"0s\">\r\n        <div class=\"ft-cards \">\r\n            <div class=\"ft-item\">\r\n                <span class=\"ft-card-icon et-global\"  style=\"color: #6b81a8\";><\/span>\r\n                <h4  style=\" color: #6b81a8;\">INTERNATIONALE ZUSAMMENARBEIT<\/h4><div>\n<p>TREMA e.V. lebt von der Vernetzung von Kompetenzen und professionellem, engagiertem Personal auf dem Gebiet der taktischen Medizin. Aus diesem Grund ist es selbstverst\u00e4ndlich, dass wir bei unserer Arbeit auch \u00fcber internationale Grenzen hinwegblicken.<br \/>\nDas Referat f\u00fcr internationale Zusammenarbeit ist daher die Koordinationsstelle f\u00fcr Kontakte, Kooperationen und Aktionen mit internationalen Partnern und die Anlaufstelle f\u00fcr internationale Anfragen.<\/p>\n<\/div>\n\r\n            <\/div>\r\n        <\/div><\/div>[\/vc_column][vc_column width=&#8220;1\/3&#8243;]\r\n        <div class=\"wow fadeInUpSmall\"  data-wow-duration=\"2s\" data-wow-delay=\"0.5s\">\r\n        <div class=\"ft-cards \">\r\n            <div class=\"ft-item\">\r\n                <span class=\"ft-card-icon et-gears\"  style=\"color: #6b81a8\";><\/span>\r\n                <h4  style=\" color: #6b81a8;\">EINSATZTAKTIK<\/h4><div>\n<p>Das Referat Einsatztaktik besch\u00e4ftigt sich mit den Vorgehensweisen, die erforderlich sind, um auf das gleichzeitige Vorliegen einer taktischen und einer medizinischen Lage zu reagieren. Es geht also f\u00fcr Polizei und Milit\u00e4r um die bestm\u00f6gliche Ausgestaltung der Schnittstelle zwischen der notfallmedizinischen Versorgung und dem \u201eeigentlichen Einsatzauftrag&#8220; aber auch um die \u201eAwareness\u201c f\u00fcr Bedrohungen bei einem Rettungsdiensteinsatz.<\/p>\n<\/div>\n\r\n            <\/div>\r\n        <\/div><\/div>[\/vc_column][vc_column width=&#8220;1\/3&#8243;]\r\n        <div class=\"wow fadeInUpSmall\"  data-wow-duration=\"2s\" data-wow-delay=\"1s\">\r\n        <div class=\"ft-cards \">\r\n            <div class=\"ft-item\">\r\n                <span class=\"ft-card-icon et-camera\"  style=\"color: #6b81a8\";><\/span>\r\n                <h4  style=\" color: #6b81a8;\">\u00d6FFENTLICHKEITSARBEIT<\/h4><div>\n<p>Das Referat \u201c\u00d6ffentlichkeitsarbeit\u201c dient als Schnittstelle der TREMA &#8211; Europe e.V. nach au\u00dfen, zwischen Mitgliedern, Presse, Fachgesellschaften, Beh\u00f6rden und anderen Organen, die sich mit der taktischen Medizin befassen. In den Zust\u00e4ndigkeitsbereich fallen ebenfalls tagesaktuelle, externe Kommunikation und Medienkontakte, Kampagnen sowie Publikationen, die nicht speziell im Aufgabenbereich eines anderen Referates liegen (wie z.B. Fachempfehlungen oder Material-Testberichte).<\/p>\n<\/div>\n\r\n            <\/div>\r\n        <\/div><\/div>[\/vc_column][\/vc_row][vc_row][vc_column][vc_empty_space height=&#8220;100px&#8220;]\r\n        <header class=\"sec-heading \" >\r\n          <h2 style=\" color: #6b81a8\";>N E U I G K E I T E N<\/h2>\r\n          <span class=\"subheading\" >Aktuelle Blogbeitr\u00e4ge<\/span>\r\n        <\/header><style type=\"text\/css\">.d-vc-bp-preview-custom-css-0 .bp-content .read-more-btn{background-color: #6b81a8;} <\/style><div class=\"row blog-columns blog-preview\">\r\n    \t\t\t<div class=\"col-lg-4 col-md-6\">\r\n\t\t\t\t\t<div class=\"blog-post d-vc-bp-preview-custom-css-0\">\r\n\t\t\t\t\t\t<a href=\"https:\/\/trema-europe.de\/index.php\/2025\/06\/26\/trema-tage-2025-in-mosbach\/\" class=\"post-img\"><img loading=\"lazy\" decoding=\"async\" width=\"910\" height=\"912\" src=\"https:\/\/trema-europe.de\/wp-content\/uploads\/2025\/06\/Bildschirmfoto-2025-06-27-um-00.01.47.png\" class=\"attachment-post-thumbnail size-post-thumbnail wp-post-image\" alt=\"\" srcset=\"https:\/\/trema-europe.de\/wp-content\/uploads\/2025\/06\/Bildschirmfoto-2025-06-27-um-00.01.47.png 910w, https:\/\/trema-europe.de\/wp-content\/uploads\/2025\/06\/Bildschirmfoto-2025-06-27-um-00.01.47-300x300.png 300w, https:\/\/trema-europe.de\/wp-content\/uploads\/2025\/06\/Bildschirmfoto-2025-06-27-um-00.01.47-150x150.png 150w, https:\/\/trema-europe.de\/wp-content\/uploads\/2025\/06\/Bildschirmfoto-2025-06-27-um-00.01.47-768x770.png 768w\" sizes=\"auto, (max-width: 910px) 100vw, 910px\" \/><\/a>\r\n\t\t\t\t\t\t<div class=\"bp-content\">\r\n\t\t\t\t\t\t\t<div class=\"post-meta\">\r\n\t\t\t\t\t\t\t\t<p class=\"post-date\">\r\n\t\t\t\t\t\t\t\t\t<i class=\"fa fa-calendar-o\"><\/i>\r\n\t\t\t\t\t\t\t\t\t<span>Juni 26, 2025<\/span>\r\n\t\t\t\t\t\t\t\t<\/p>\r\n\t\t\t\t\t\t\t\t\r\n        <a href=\"https:\/\/trema-europe.de\/index.php\/portfolio\/project-name\/#comments\" class=\"post-comments\">\r\n            <i class=\"fa fa-comments-o\"><\/i>\r\n            <span>0<\/span>\r\n        <\/a>\r\n\t\t\t\t\t\t\t<\/div>\r\n\t\t\t\t\t\t\t<a href=\"https:\/\/trema-europe.de\/index.php\/2025\/06\/26\/trema-tage-2025-in-mosbach\/\" class=\"post-title\">\r\n\t\t\t\t\t\t\t\t<h4 style=\"color:#6b81a8\">TREMA Tage 2025 in Mosbach<\/h4>\r\n\t\t\t\t\t\t\t<\/a>\r\n\t\t\t\t\t\t\t<p>Die TREMA &#8211; Tage 2025 n\u00e4hern sich. Auch dieses Jahr wird es am 24. und 25. Oktober wieder ein buntes Programm aus &hellip; <p><a href=\"https:\/\/trema-europe.de\/index.php\/2025\/06\/26\/trema-tage-2025-in-mosbach\/\" class=\"read-more-btn btn btn-small\">Weiterlesen...<span class=\"screen-reader-text\">TREMA Tage 2025 in Mosbach<\/span><\/a><\/p><\/p>\r\n\t\t\t\t\t\t<\/div>\r\n\t\t\t\t\t<\/div>\r\n\t\t\t\t<\/div>\r\n    \t\t\t<div class=\"col-lg-4 col-md-6\">\r\n\t\t\t\t\t<div class=\"blog-post d-vc-bp-preview-custom-css-0\">\r\n\t\t\t\t\t\t<a href=\"https:\/\/trema-europe.de\/index.php\/2024\/06\/06\/trema-tage-2024-in-mosbach\/\" class=\"post-img\"><img loading=\"lazy\" decoding=\"async\" width=\"1145\" height=\"1423\" src=\"https:\/\/trema-europe.de\/wp-content\/uploads\/2024\/06\/7a631ee9-eac7-479d-96dd-975df94ae53f.jpg\" class=\"attachment-post-thumbnail size-post-thumbnail wp-post-image\" alt=\"\" srcset=\"https:\/\/trema-europe.de\/wp-content\/uploads\/2024\/06\/7a631ee9-eac7-479d-96dd-975df94ae53f.jpg 1145w, https:\/\/trema-europe.de\/wp-content\/uploads\/2024\/06\/7a631ee9-eac7-479d-96dd-975df94ae53f-241x300.jpg 241w, https:\/\/trema-europe.de\/wp-content\/uploads\/2024\/06\/7a631ee9-eac7-479d-96dd-975df94ae53f-824x1024.jpg 824w, https:\/\/trema-europe.de\/wp-content\/uploads\/2024\/06\/7a631ee9-eac7-479d-96dd-975df94ae53f-768x954.jpg 768w\" sizes=\"auto, (max-width: 1145px) 100vw, 1145px\" \/><\/a>\r\n\t\t\t\t\t\t<div class=\"bp-content\">\r\n\t\t\t\t\t\t\t<div class=\"post-meta\">\r\n\t\t\t\t\t\t\t\t<p class=\"post-date\">\r\n\t\t\t\t\t\t\t\t\t<i class=\"fa fa-calendar-o\"><\/i>\r\n\t\t\t\t\t\t\t\t\t<span>Juni 6, 2024<\/span>\r\n\t\t\t\t\t\t\t\t<\/p>\r\n\t\t\t\t\t\t\t\t\r\n        <a href=\"https:\/\/trema-europe.de\/index.php\/portfolio\/project-name\/#comments\" class=\"post-comments\">\r\n            <i class=\"fa fa-comments-o\"><\/i>\r\n            <span>0<\/span>\r\n        <\/a>\r\n\t\t\t\t\t\t\t<\/div>\r\n\t\t\t\t\t\t\t<a href=\"https:\/\/trema-europe.de\/index.php\/2024\/06\/06\/trema-tage-2024-in-mosbach\/\" class=\"post-title\">\r\n\t\t\t\t\t\t\t\t<h4 style=\"color:#6b81a8\">TREMA Tage 2024 in Mosbach<\/h4>\r\n\t\t\t\t\t\t\t<\/a>\r\n\t\t\t\t\t\t\t<p>Die TREMA Tage 2024 stehen vor der T\u00fcr und auch in diesem Jahr verspricht die Veranstaltung in Mosbach wieder hochinteressant zu werden. &hellip; <p><a href=\"https:\/\/trema-europe.de\/index.php\/2024\/06\/06\/trema-tage-2024-in-mosbach\/\" class=\"read-more-btn btn btn-small\">Weiterlesen...<span class=\"screen-reader-text\">TREMA Tage 2024 in Mosbach<\/span><\/a><\/p><\/p>\r\n\t\t\t\t\t\t<\/div>\r\n\t\t\t\t\t<\/div>\r\n\t\t\t\t<\/div>\r\n    \t\t\t<div class=\"col-lg-4 col-md-6\">\r\n\t\t\t\t\t<div class=\"blog-post d-vc-bp-preview-custom-css-0\">\r\n\t\t\t\t\t\t<a href=\"https:\/\/trema-europe.de\/index.php\/2022\/08\/13\/fact-sheet-trema-tage-2022\/\" class=\"post-img\"><img loading=\"lazy\" decoding=\"async\" width=\"1280\" height=\"720\" src=\"https:\/\/trema-europe.de\/wp-content\/uploads\/2022\/08\/FactSheet-Trema-Tage-1.jpg\" class=\"attachment-post-thumbnail size-post-thumbnail wp-post-image\" alt=\"\" srcset=\"https:\/\/trema-europe.de\/wp-content\/uploads\/2022\/08\/FactSheet-Trema-Tage-1.jpg 1280w, https:\/\/trema-europe.de\/wp-content\/uploads\/2022\/08\/FactSheet-Trema-Tage-1-300x169.jpg 300w, https:\/\/trema-europe.de\/wp-content\/uploads\/2022\/08\/FactSheet-Trema-Tage-1-1024x576.jpg 1024w, https:\/\/trema-europe.de\/wp-content\/uploads\/2022\/08\/FactSheet-Trema-Tage-1-768x432.jpg 768w\" sizes=\"auto, (max-width: 1280px) 100vw, 1280px\" \/><\/a>\r\n\t\t\t\t\t\t<div class=\"bp-content\">\r\n\t\t\t\t\t\t\t<div class=\"post-meta\">\r\n\t\t\t\t\t\t\t\t<p class=\"post-date\">\r\n\t\t\t\t\t\t\t\t\t<i class=\"fa fa-calendar-o\"><\/i>\r\n\t\t\t\t\t\t\t\t\t<span>August 13, 2022<\/span>\r\n\t\t\t\t\t\t\t\t<\/p>\r\n\t\t\t\t\t\t\t\t\r\n        <a href=\"https:\/\/trema-europe.de\/index.php\/portfolio\/project-name\/#comments\" class=\"post-comments\">\r\n            <i class=\"fa fa-comments-o\"><\/i>\r\n            <span>0<\/span>\r\n        <\/a>\r\n\t\t\t\t\t\t\t<\/div>\r\n\t\t\t\t\t\t\t<a href=\"https:\/\/trema-europe.de\/index.php\/2022\/08\/13\/fact-sheet-trema-tage-2022\/\" class=\"post-title\">\r\n\t\t\t\t\t\t\t\t<h4 style=\"color:#6b81a8\">FACT SHEET Trema Tage 2022<\/h4>\r\n\t\t\t\t\t\t\t<\/a>\r\n\t\t\t\t\t\t\t<p>Hier erhaltet Ihr das Factsheet zu den Trema Tagen 2022.<\/p>\r\n\t\t\t\t\t\t<\/div>\r\n\t\t\t\t\t<\/div>\r\n\t\t\t\t<\/div><\/div>[\/vc_column][\/vc_row][vc_row row_type=&#8220;full-width&#8220; equal_height=&#8220;yes&#8220; parallax=&#8220;content-moving&#8220; parallax_image=&#8220;18431&#8243;][vc_column width=&#8220;1\/3&#8243; css=&#8220;.vc_custom_1488999638781{background-color: rgba(17,17,17,0.65) !important;*background-color: rgb(17,17,17) !important;}&#8220;]\r\n        <div class=\"wow zoomIn\"  data-wow-duration=\"0.7s\" data-wow-delay=\"0.3s\">\r\n        <div class=\"number-counters \">\r\n            <div class=\"count-item\">\r\n                <span class=\"count-nbr\" >540<\/span>\r\n                <span class=\"count-text\" >MITGLIEDER<\/span>\r\n            <\/div>\r\n        <\/div><\/div>[\/vc_column][vc_column width=&#8220;1\/3&#8243; css=&#8220;.vc_custom_1488999652158{background-color: rgba(17,17,17,0.65) !important;*background-color: rgb(17,17,17) !important;}&#8220;]\r\n        <div class=\"wow zoomIn\"  data-wow-duration=\"0.7s\" data-wow-delay=\"0.1s\">\r\n        <div class=\"number-counters \">\r\n            <div class=\"count-item\">\r\n                <span class=\"count-nbr\" >6<\/span>\r\n                <span class=\"count-text\" >NATIONEN<\/span>\r\n            <\/div>\r\n        <\/div><\/div>[\/vc_column][vc_column width=&#8220;1\/3&#8243; css=&#8220;.vc_custom_1488999663262{background-color: rgba(17,17,17,0.65) !important;*background-color: rgb(17,17,17) !important;}&#8220;]\r\n        <div class=\"wow zoomIn\"  data-wow-duration=\"0.7s\" data-wow-delay=\"0.1s\">\r\n        <div class=\"number-counters \">\r\n            <div class=\"count-item\">\r\n                <span class=\"count-nbr\" >1<\/span>\r\n                <span class=\"count-text\" >ZIEL<\/span>\r\n            <\/div>\r\n        <\/div><\/div>[\/vc_column][\/vc_row][vc_row][vc_column no_gap_check=&#8220;no-gap&#8220;][vc_empty_space height=&#8220;60px&#8220;]\r\n        <header class=\"sec-heading \" >\r\n          <h2 style=\" color: #6b81a8\";>COMMUNITY<\/h2>\r\n          <span class=\"subheading\" >SO WERDEN SIE MITGLIED IN DER TREMA<\/span>\r\n        <\/header>[\/vc_column][\/vc_row][vc_row][vc_column no_gap_check=&#8220;no-gap&#8220; width=&#8220;1\/3&#8243;]\r\n        <div class=\"wow fadeInRightSmall\"  data-wow-duration=\"1.5s\" data-wow-delay=\"0s\">\r\n        <div class=\"ft-steps-numbers \">\r\n            <div class=\"ft-item\">\r\n                <span class=\"ft-nbr\" >01<\/span>\r\n                <h4>EMPFELHUNGSSCHREIBEN<\/h4>\r\n                <p>Damit Sie in die TREMA Community aufgenommen werden k\u00f6nnen ben\u00f6tigen Sie zwei Empfehlungsschreiben von bereits TREMA-Mitgliedern.<br \/>\nDas Formular k\u00f6nnen Sie hier herunterladen.<\/p>\r\n            <\/div>\r\n        <\/div>[vc_empty_space]<style type=\"text\/css\" class=\"custom-vc-btn-style\">#d-custom-vc-btn-style-0{color: #6b81a8;} #d-custom-vc-btn-style-0:hover{color: #b2b2b2;} #d-custom-vc-btn-style-0{border-color: #6b81a8;} <\/style>\r\n        <div class=\"btn_align_center \">\r\n            <a href=\"https:\/\/trema-europe.de\/wp-content\/uploads\/2022\/11\/Empfehlungsschreiben-TREMA.pdf\" id=\"d-custom-vc-btn-style-0\" class=\"btn-ghost btn-small\" title=\"DOWNLOAD Schreiben\" target=\"_blank\">EMPFEHLUNGSSCHREIBEN\r\n            <\/a>\r\n        <\/div><\/div>[\/vc_column][vc_column width=&#8220;1\/3&#8243;]\r\n        <div class=\"wow fadeInRightSmall\"  data-wow-duration=\"1.5s\" data-wow-delay=\"0.6s\">\r\n        <div class=\"ft-steps-numbers \">\r\n            <div class=\"ft-item\">\r\n                <span class=\"ft-nbr\" >02<\/span>\r\n                <h4>MITGLIEDSANTRAG<\/h4>\r\n                <p>Hier finden Sie den Mitgliederantrag zur TREMA-Community.<\/p>\r\n            <\/div>\r\n        <\/div>[vc_empty_space]<style type=\"text\/css\" class=\"custom-vc-btn-style\">#d-custom-vc-btn-style-1{color: #6b81a8;} #d-custom-vc-btn-style-1:hover{color: #b2b2b2;} #d-custom-vc-btn-style-1{border-color: #6b81a8;} <\/style>\r\n        <div class=\"btn_align_center \">\r\n            <a href=\"https:\/\/trema-europe.de\/wp-content\/uploads\/2022\/11\/TREMA_e.V._Mitgliedsantrag_2022.pdf\" id=\"d-custom-vc-btn-style-1\" class=\"btn-ghost btn-small\" title=\"DOWNLOAD Mitgliedsantrag\" target=\"_blank\">MITGLIEDSANTRAG\r\n            <\/a>\r\n        <\/div><\/div>[\/vc_column][vc_column width=&#8220;1\/3&#8243;]\r\n        <div class=\"wow fadeInRightSmall\"  data-wow-duration=\"1.5s\" data-wow-delay=\"1.2s\">\r\n        <div class=\"ft-steps-numbers \">\r\n            <div class=\"ft-item\">\r\n                <span class=\"ft-nbr\" >03<\/span>\r\n                <h4>BESCHLUSS<\/h4>\r\n                <p>Nach Erhalt der vollst\u00e4ndigen Unterlagen, werden wir Ihren Antrag pr\u00fcfen und dann gemeinsam beschlie\u00dfen.<\/p>\r\n            <\/div>\r\n        <\/div><\/div>[\/vc_column][vc_column][vc_empty_space height=&#8220;60px&#8220;][vc_separator][\/vc_column][\/vc_row][vc_row][vc_column no_gap_check=&#8220;no-gap&#8220;][vc_empty_space height=&#8220;60px&#8220;][\/vc_column][\/vc_row][vc_row row_type=&#8220;full-width&#8220;][vc_column]\r\n        <header class=\"sec-heading \" >\r\n          <h2 style=\" color: #6b81a8\";>Tactical Rescue &amp; Emergency Association - Europe<\/h2>\r\n          <span class=\"subheading\" >TREMA - Offizielle Video<\/span>\r\n        <\/header>[\/vc_column][\/vc_row][vc_row row_type=&#8220;full-width&#8220; video_bg=&#8220;yes&#8220; video_bg_url=&#8220;https:\/\/www.youtube.com\/watch?v=uhCAyrpx4RA&amp;t=61s&#8220; video_bg_parallax=&#8220;content-moving&#8220; background=&#8220;#6b81a8&#8243;][vc_column]\r\n\t\t        <div class=\"cta-link cta-popup\" >\r\n\t\t        \t<div class=\"bg-overlay\" >\r\n\t\t        \t\t<div class=\"cta-wrapper\">\r\n\t\t        \t\t\t<h3 class=\"\"  >TRAIN AS YOU FIGHT<\/h3>\r\n\t\t        \t\t\t<a class=\"play-btn popup-video\" href=\"https:\/\/vimeo.com\/1050477884\" title=\"START FILM\">\r\n        <span class=\"play-icon fa fa-play-circle-o\"><\/span>\r\n        <h5>START FILM<\/h5><\/a>\r\n\t\t        \t\t<\/div>\r\n\t\t        \t<\/div>\r\n\t\t        <\/div>[\/vc_column][\/vc_row][vc_row background=&#8220;#f8f8f8&#8243;][vc_column][vc_empty_space height=&#8220;60px&#8220;][\/vc_column][\/vc_row][vc_row row_type=&#8220;full-width&#8220;][vc_column no_gap_check=&#8220;no-gap&#8220;]\r\n                \r\n\t\t        <div class=\"cta-newsletter \" >\r\n\t\t        \t<div class=\"bg-overlay\"  style=\"background: #6b81a8;\">\r\n\t\t        \t\t<div class=\"cta-wrapper\">\r\n\t\t        \t\t\t<h3 class=\"\"   style=\"color: #ffffff;\">Unser Newsletter<\/h3>\r\n\t\t        \t\t\t\n<div class=\"wpcf7 no-js\" id=\"wpcf7-f2696-o1\" lang=\"en-US\" dir=\"ltr\" data-wpcf7-id=\"2696\">\n<div class=\"screen-reader-response\"><p role=\"status\" aria-live=\"polite\" aria-atomic=\"true\"><\/p> <ul><\/ul><\/div>\n<form action=\"\/index.php\/wp-json\/wp\/v2\/pages\/4321#wpcf7-f2696-o1\" method=\"post\" class=\"wpcf7-form init\" aria-label=\"Contact form\" novalidate=\"novalidate\" data-status=\"init\">\n<fieldset class=\"hidden-fields-container\"><input type=\"hidden\" name=\"_wpcf7\" value=\"2696\" \/><input type=\"hidden\" name=\"_wpcf7_version\" value=\"6.1.5\" \/><input type=\"hidden\" name=\"_wpcf7_locale\" value=\"en_US\" \/><input type=\"hidden\" name=\"_wpcf7_unit_tag\" value=\"wpcf7-f2696-o1\" \/><input type=\"hidden\" name=\"_wpcf7_container_post\" value=\"0\" \/><input type=\"hidden\" name=\"_wpcf7_posted_data_hash\" value=\"\" \/><input type=\"hidden\" name=\"_wpcf7_recaptcha_response\" value=\"\" \/>\n<\/fieldset>\n<p><span class=\"wpcf7-form-control-wrap\" data-name=\"cta_join\"><input size=\"40\" maxlength=\"400\" class=\"wpcf7-form-control wpcf7-email wpcf7-validates-as-required wpcf7-text wpcf7-validates-as-email\" aria-required=\"true\" aria-invalid=\"false\" placeholder=\"IHRE EMAIL ADRESSE\" value=\"\" type=\"email\" name=\"cta_join\" \/><\/span><input class=\"wpcf7-form-control wpcf7-submit has-spinner btn-large cta-btn-light\" type=\"submit\" value=\"ABSENDEN\" \/>\n<\/p><div class=\"wpcf7-response-output\" aria-hidden=\"true\"><\/div>\n<\/form>\n<\/div>\n\r\n\t\t        \t\t<\/div>\r\n\t\t        \t<\/div>\r\n\t\t        <\/div>[\/vc_column][\/vc_row][vc_row row_type=&#8220;full-width&#8220;][vc_column no_gap_check=&#8220;no-gap&#8220;][vc_empty_space height=&#8220;60px&#8220;]\r\n        <header class=\"sec-heading \" >\r\n          <h2 style=\" color: #6b81a8\";>Kontakt<\/h2>\r\n          <span class=\"subheading\" >TREMA - Europe<\/span>\r\n        <\/header>[\/vc_column][\/vc_row][vc_row row_type=&#8220;full-width&#8220; equal_height=&#8220;yes&#8220;][vc_column]\r\n        <div class=\"wow fadeInUpSmall\"  data-wow-duration=\"1.5s\" data-wow-delay=\"0s\">\n<div class=\"wpcf7 no-js\" id=\"wpcf7-f1706-o2\" lang=\"en-US\" dir=\"ltr\" data-wpcf7-id=\"1706\">\n<div class=\"screen-reader-response\"><p role=\"status\" aria-live=\"polite\" aria-atomic=\"true\"><\/p> <ul><\/ul><\/div>\n<form action=\"\/index.php\/wp-json\/wp\/v2\/pages\/4321#wpcf7-f1706-o2\" method=\"post\" class=\"wpcf7-form init\" aria-label=\"Contact form\" novalidate=\"novalidate\" data-status=\"init\">\n<fieldset class=\"hidden-fields-container\"><input type=\"hidden\" name=\"_wpcf7\" value=\"1706\" \/><input type=\"hidden\" name=\"_wpcf7_version\" value=\"6.1.5\" \/><input type=\"hidden\" name=\"_wpcf7_locale\" value=\"en_US\" \/><input type=\"hidden\" name=\"_wpcf7_unit_tag\" value=\"wpcf7-f1706-o2\" \/><input type=\"hidden\" name=\"_wpcf7_container_post\" value=\"0\" \/><input type=\"hidden\" name=\"_wpcf7_posted_data_hash\" value=\"\" \/><input type=\"hidden\" name=\"_wpcf7_recaptcha_response\" value=\"\" \/>\n<\/fieldset>\n<div class=\"vc_col-md-offset-2 vc_col-md-4\">\n\t<div class=\"form-group\">\n\t\t<p><span class=\"wpcf7-form-control-wrap\" data-name=\"name-cl1\"><input size=\"40\" maxlength=\"400\" class=\"wpcf7-form-control wpcf7-text form-control\" aria-invalid=\"false\" placeholder=\"IHR NAME\" value=\"\" type=\"text\" name=\"name-cl1\" \/><\/span><label for=\"name-cl1\">Name<\/label>\n\t\t<\/p>\n\t<\/div>\n\t<div class=\"form-group\">\n\t\t<p><span class=\"wpcf7-form-control-wrap\" data-name=\"email-cl1\"><input size=\"40\" maxlength=\"400\" class=\"wpcf7-form-control wpcf7-email wpcf7-validates-as-required wpcf7-text wpcf7-validates-as-email form-control\" aria-required=\"true\" aria-invalid=\"false\" placeholder=\"IHRE EMAILADRESSE\" value=\"\" type=\"email\" name=\"email-cl1\" \/><\/span><label for=\"email-cl1\">Email<\/label>\n\t\t<\/p>\n\t<\/div>\n<\/div>\n<div class=\"vc_col-md-4\">\n\t<div class=\"form-group\">\n\t\t<p><span class=\"wpcf7-form-control-wrap\" data-name=\"textarea-cl1\"><textarea cols=\"40\" rows=\"5\" maxlength=\"2000\" class=\"wpcf7-form-control wpcf7-textarea form-control\" aria-invalid=\"false\" placeholder=\"IHRE NACHRICHT\" name=\"textarea-cl1\"><\/textarea><\/span><label for=\"textarea-cl1\">NACHRICHT<\/label>\n\t\t<\/p>\n\t<\/div>\n\t<div>\n\t\t<p><input class=\"wpcf7-form-control wpcf7-submit has-spinner btn pull-right\" type=\"submit\" value=\"ABSENDEN\" \/>\n\t\t<\/p>\n\t<\/div>\n<\/div><div class=\"wpcf7-response-output\" aria-hidden=\"true\"><\/div>\n<\/form>\n<\/div>\n<\/div>[\/vc_column][\/vc_row]<\/p>\n<\/div>","protected":false},"excerpt":{"rendered":"<p>[vc_row][vc_column][\/vc_column][\/vc_row][vc_row][vc_column width=&#8220;1\/2&#8243;][vc_empty_space height=&#8220;50px&#8220;][vc_empty_space height=&#8220;160px&#8220;][vc_single_image image=&#8220;18631&#8243; img_size=&#8220;large&#8220; alignment=&#8220;center&#8220;][vc_empty_space height=&#8220;50px&#8220;][vc_separator border_width=&#8220;2&#8243;][vc_empty_space height=&#8220;50px&#8220;][vc_single_image image=&#8220;17335&#8243; img_size=&#8220;medium&#8220; alignment=&#8220;center&#8220;][\/vc_column][vc_column width=&#8220;1\/2&#8243;][vc_empty_space height=&#8220;160px&#8220;][vc_column_text] TREMA in tiefer Trauer &nbsp; Die Nachricht &hellip; <\/p>\n<p><a href=\"https:\/\/trema-europe.de\/index.php\/2022\/08\/13\/fact-sheet-trema-tage-2022\/\" class=\"read-more-btn btn btn-small\">Weiterlesen&#8230;<span class=\"screen-reader-text\">FACT SHEET Trema Tage 2022<\/span><\/a><\/p>\n","protected":false},"author":1,"featured_media":0,"parent":0,"menu_order":0,"comment_status":"closed","ping_status":"closed","template":"page-vc.php","meta":{"_acf_changed":false,"footnotes":""},"class_list":["post-4321","page","type-page","status-publish","hentry"],"acf":[],"jetpack_sharing_enabled":true,"_links":{"self":[{"href":"https:\/\/trema-europe.de\/index.php\/wp-json\/wp\/v2\/pages\/4321","targetHints":{"allow":["GET"]}}],"collection":[{"href":"https:\/\/trema-europe.de\/index.php\/wp-json\/wp\/v2\/pages"}],"about":[{"href":"https:\/\/trema-europe.de\/index.php\/wp-json\/wp\/v2\/types\/page"}],"author":[{"embeddable":true,"href":"https:\/\/trema-europe.de\/index.php\/wp-json\/wp\/v2\/users\/1"}],"replies":[{"embeddable":true,"href":"https:\/\/trema-europe.de\/index.php\/wp-json\/wp\/v2\/comments?post=4321"}],"version-history":[{"count":144,"href":"https:\/\/trema-europe.de\/index.php\/wp-json\/wp\/v2\/pages\/4321\/revisions"}],"predecessor-version":[{"id":18963,"href":"https:\/\/trema-europe.de\/index.php\/wp-json\/wp\/v2\/pages\/4321\/revisions\/18963"}],"wp:attachment":[{"href":"https:\/\/trema-europe.de\/index.php\/wp-json\/wp\/v2\/media?parent=4321"}],"curies":[{"name":"wp","href":"https:\/\/api.w.org\/{rel}","templated":true}]}}